{"id":60,"date":"2018-11-26T22:20:32","date_gmt":"2018-11-26T22:20:32","guid":{"rendered":"http:\/\/ingenierofarina.com.ar\/sitio\/?page_id=60"},"modified":"2018-11-26T22:20:32","modified_gmt":"2018-11-26T22:20:32","slug":"capacitaciones-y-cursos","status":"publish","type":"page","link":"https:\/\/ingenierofarina.com.ar\/sitio\/capacitaciones-y-cursos\/","title":{"rendered":"Capacitaciones y Cursos"},"content":{"rendered":"\n<h2 class=\"wp-block-heading\">2.018<\/h2>\n\n\n\n<ul class=\"wp-block-list\"><li>Asociaci\u00f3n\n     de Profesionales Electricistas \u2013 Rosario: <em>Capacitaci\u00f3n sobre puesta a tierra<\/em><\/li><li>UNIVERSIDAD\n     TECNOL\u00d3GICA NACIONAL \u2013Facultad Regional Rosario: <em>Curso de instalaciones el\u00e9ctricas industriales<\/em>.<\/li><li>JOHNSON\n     &amp; SON \u2013 Planta Pilar \u2013 Pilar&nbsp;\n     Provincia de Buenos Aires: <em>Capacitaci\u00f3n\n     sobre riesgos el\u00e9ctricos en instalaciones el\u00e9ctricas de baja tensi\u00f3n<\/em>.<\/li><li>Compa\u00f1\u00eda\n     Minera Aguilar \u2013 Planta P\u00e1lpala \u2013 Provincia de Jujuy: <em>Capacitaci\u00f3n sobre riesgos el\u00e9ctricos en instalaciones el\u00e9ctricas\n     de baja y media tensi\u00f3n<\/em>.<\/li><li>UNIVERSIDAD\n     TECNOL\u00d3GICA NACIONAL \u2013 Facultad Regional Rosario \u2013 <em>Curso: Interpretaci\u00f3n y ejecuci\u00f3n de ingenier\u00eda el\u00e9ctrica<\/em>.<\/li><\/ul>\n\n\n\n<h2 class=\"wp-block-heading\">2.017<\/h2>\n\n\n\n<ul class=\"wp-block-list\"><li>UNIVERSIDAD\n     TECNOL\u00d3GICA NACIONAL \u2013 Facultad Regional Rosario \u2013 <em>Curso: Interpretaci\u00f3n y ejecuci\u00f3n de planos el\u00e9ctricos<\/em>.<\/li><li>UNIVERSIDAD\n     TECNOL\u00d3GICA NACIONAL \u2013Facultad Regional Rosario \u2013 <em>Curso de instalaciones el\u00e9ctricas industriales y de grandes\n     inmuebles<\/em>.<\/li><li>WEG Equipamientos\n     El\u00e9ctricos SA \u2013 San Francisco \u2013 Pcia. de C\u00f3rdoba: <em>Curso de capacitaci\u00f3n sobre riesgos el\u00e9ctricos en instalaciones\n     el\u00e9ctricas de baja y media tensi\u00f3n<\/em>.<\/li><li>Instituto\n     Polit\u00e9cnico Janssen \u2013 Posadas \u2013 Pcia. de Misiones: <em>Curso Riesgo el\u00e9ctrico<\/em>.<\/li><\/ul>\n\n\n\n<h2 class=\"wp-block-heading\">2.016<\/h2>\n\n\n\n<ul class=\"wp-block-list\"><li>YGS\n     Capacitaci\u00f3n y Consultor\u00eda \u2013 Capit\u00e1n Berm\u00fadez. Pcia. de Santa Fe: <em>Curso de capacitaci\u00f3n sobre\n     instalaciones el\u00e9ctricas industriales<\/em>.<\/li><li>Compa\u00f1\u00eda\n     Minera Aguilar \u2013 Planta P\u00e1lpala \u2013 Pcia. de Jujuy: <em>Curso de capacitaci\u00f3n sobre riesgos el\u00e9ctricos en instalaciones\n     el\u00e9ctricas de baja y media tensi\u00f3n<\/em>.<\/li><li>Chiaza\n     SA \u2013 San Lorenzo \u2013 Pcia. de Santa Fe: <em>Curso\n     avanzado de instalaciones el\u00e9ctricas industriales<\/em>.<\/li><li>Chiaza\n     SA \u2013 San Lorenzo \u2013 Pcia. de Santa Fe: <em>Curso\n     b\u00e1sico de instalaciones el\u00e9ctricas industriales<\/em>.<\/li><\/ul>\n\n\n\n<h2 class=\"wp-block-heading\">2.015<\/h2>\n\n\n\n<ul class=\"wp-block-list\"><li>Consejo\n     Profesional de Arquitectura e Ingenier\u00eda de Misiones (Sede Posadas): <em>Curso de riesgos el\u00e9ctricos de baja\n     tensi\u00f3n<\/em>.<\/li><li>Ratti\n     Construcciones \u2013 Posadas \u2013 Pcia. de Misiones: <em>Curso de riesgos el\u00e9ctricos de baja tensi\u00f3n<\/em>.<\/li><li>UNIVERSIDAD\n     TECNOL\u00d3GICA NACIONAL \u2013 FACULTAD REGIONAL ROSARIO: <em>Curso de instalaciones el\u00e9ctricas de baja tensi\u00f3n<\/em>.<\/li><\/ul>\n\n\n\n<h2 class=\"wp-block-heading\">2.014<\/h2>\n\n\n\n<ul class=\"wp-block-list\"><li>Compa\u00f1\u00eda\n     Minera Aguilar \u2013 Planta P\u00e1lpala \u2013 Pcia. de Jujuy: <em>Capacitaci\u00f3n sobre riesgos el\u00e9ctricos en instalaciones el\u00e9ctricas\n     de baja y media tensi\u00f3n<\/em>.<\/li><li>ArZinc\n     SA- Planta Fray L. Beltr\u00e1n \u2013 Pcia. De Santa Fe: <em>Capacitaci\u00f3n sobre riesgos el\u00e9ctricos en instalaciones el\u00e9ctricas\n     de media tensi\u00f3n<\/em>.<\/li><li>UNIVERSIDAD\n     TECNOL\u00d3GICA NACIONAL \u2013 FACULTAD REGIONAL ROSARIO: <em>Curso abierto de Riesgo el\u00e9ctrico en instalaciones el\u00e9ctricas de\n     baja tensi\u00f3n<\/em>.<\/li><li>ArZinc\n     SA \u2013 Fray Luis Beltr\u00e1n \u2013 Pcia. de Santa Fe: <em>Capacitaci\u00f3n en riesgos el\u00e9ctricos en media tensi\u00f3n<\/em>.<\/li><\/ul>\n\n\n\n<h2 class=\"wp-block-heading\">2.013<\/h2>\n\n\n\n<ul class=\"wp-block-list\"><li>UNIVERSIDAD\n     CAT\u00d3LICA ARGENTINA \u2013 Facultad Rosario: <em>Posgrado\n     en Especializaci\u00f3n en higiene y seguridad en el trabajo. C\u00e1tedra de Riesgo\n     el\u00e9ctrico y su prevenci\u00f3n<\/em>.<\/li><li>UNIVERSIDAD\n     CAT\u00d3LICA ARGENTINA \u2013 Facultad Rosario: <em>Posgrado\n     en Especializaci\u00f3n en higiene y seguridad en el trabajo. Iluminaci\u00f3n y\n     color<\/em>.<\/li><li>ArZinc\n     SA \u2013 Fray Luis Beltr\u00e1n \u2013 Pcia. de Santa Fe: <em>Capacitaci\u00f3n en riesgos el\u00e9ctricos en media tensi\u00f3n<\/em>.<\/li><li>Minera\n     Aguilar \u2013 P\u00e1lpala \u2013 Pcia. de Jujuy: <em>Capacitaci\u00f3n\n     en riesgos el\u00e9ctricos en media tensi\u00f3n<\/em>.<\/li><li>UNILEVER\n     SA \u2013 Villa Gobernador G\u00e1lvez \u2013 Pcia. de Santa Fe: <em>Capacitaci\u00f3n sobre riesgos el\u00e9ctricos<\/em>.<\/li><\/ul>\n","protected":false},"excerpt":{"rendered":"<p>2.018 Asociaci\u00f3n de Profesionales Electricistas \u2013 Rosario: Capacitaci\u00f3n sobre puesta a tierra UNIVERSIDAD TECNOL\u00d3GICA NACIONAL \u2013Facultad Regional Rosario: Curso de instalaciones el\u00e9ctricas industriales. JOHNSON &amp; SON \u2013 Planta Pilar \u2013 Pilar&nbsp; Provincia de Buenos Aires: Capacitaci\u00f3n sobre riesgos el\u00e9ctricos en instalaciones el\u00e9ctricas de baja tensi\u00f3n. Compa\u00f1\u00eda Minera Aguilar \u2013 Planta P\u00e1lpala \u2013 Provincia de Jujuy: &hellip; <a href=\"https:\/\/ingenierofarina.com.ar\/sitio\/capacitaciones-y-cursos\/\" class=\"more-link\">Seguir leyendo <span class=\"screen-reader-text\">Capacitaciones y Cursos<\/span> <span class=\"meta-nav\">&rarr;<\/span><\/a><\/p>\n","protected":false},"author":2,"featured_media":7,"parent":0,"menu_order":0,"comment_status":"closed","ping_status":"closed","template":"","meta":{"footnotes":""},"class_list":["post-60","page","type-page","status-publish","has-post-thumbnail","hentry"],"_links":{"self":[{"href":"https:\/\/ingenierofarina.com.ar\/sitio\/wp-json\/wp\/v2\/pages\/60","targetHints":{"allow":["GET"]}}],"collection":[{"href":"https:\/\/ingenierofarina.com.ar\/sitio\/wp-json\/wp\/v2\/pages"}],"about":[{"href":"https:\/\/ingenierofarina.com.ar\/sitio\/wp-json\/wp\/v2\/types\/page"}],"author":[{"embeddable":true,"href":"https:\/\/ingenierofarina.com.ar\/sitio\/wp-json\/wp\/v2\/users\/2"}],"replies":[{"embeddable":true,"href":"https:\/\/ingenierofarina.com.ar\/sitio\/wp-json\/wp\/v2\/comments?post=60"}],"version-history":[{"count":1,"href":"https:\/\/ingenierofarina.com.ar\/sitio\/wp-json\/wp\/v2\/pages\/60\/revisions"}],"predecessor-version":[{"id":61,"href":"https:\/\/ingenierofarina.com.ar\/sitio\/wp-json\/wp\/v2\/pages\/60\/revisions\/61"}],"wp:featuredmedia":[{"embeddable":true,"href":"https:\/\/ingenierofarina.com.ar\/sitio\/wp-json\/wp\/v2\/media\/7"}],"wp:attachment":[{"href":"https:\/\/ingenierofarina.com.ar\/sitio\/wp-json\/wp\/v2\/media?parent=60"}],"curies":[{"name":"wp","href":"https:\/\/api.w.org\/{rel}","templated":true}]}}